{"id":16,"date":"2013-01-07T12:45:04","date_gmt":"2013-01-07T11:45:04","guid":{"rendered":"http:\/\/puech.info\/michel\/blog\/?page_id=16"},"modified":"2024-03-31T18:52:48","modified_gmt":"2024-03-31T16:52:48","slug":"photographie","status":"publish","type":"page","link":"http:\/\/puech.info\/michel\/blog\/photographie\/","title":{"rendered":"La Photographie"},"content":{"rendered":"<p><strong><em>&lt;&lt; J<\/em><em>e fais des photos et consulte des magazines illustr\u00e9s depuis mon enfance,<\/em><em> \u00e0<\/em><em> la grosse pipe,<\/em> <em>le bureau de tabac, marchand de journaux, achet\u00e9 \u00e0 la moiti\u00e9 des ann\u00e9es 50, \u00e0 Me L\u00e9pine, par mes parents. Une enfance de \u00ab\u00a0baby-boomer\u00a0\u00bb berc\u00e9e par les sons de la guerre d&rsquo;Alg\u00e9rie diffus\u00e9s par<\/em> <em>Europe 1. C&rsquo;est de\u00a0Paris-Match\u00a0et de son traitement en images\u00a0 de la guerre d&rsquo;Alg\u00e9rie, que vint le choc&#8230; des photos !<\/em><\/strong><\/p>\n<p><em>En 1959, j&rsquo;ai 11 ans et je fais ma premi\u00e8re image, c&rsquo;est-\u00e0-dire mon premier \u00ab\u00a0Clic clac. Merci Kodak\u00a0\u00bb, compos\u00e9e graphiquement et t\u00e9moignant maladroitement d&rsquo;un questionnement inconscient sur le champs visuel, le cadrage&#8230;<\/em><\/p>\n<figure style=\"width: 492px\" class=\"wp-caption aligncenter\"><a title=\"Clown de Michel Puech, sur Flickr\" href=\"http:\/\/www.flickr.com\/photos\/puech-info\/8362583922\/\"><img loading=\"lazy\" decoding=\"async\" title=\"Clown\" src=\"http:\/\/farm9.staticflickr.com\/8372\/8362583922_6e6e6fa172.jpg\" alt=\"Clown 1959 Plan de La Tour (Var) (c) Michel Puech\" width=\"492\" height=\"492\" \/><\/a><figcaption class=\"wp-caption-text\"><em>1959 Plan de La Tour (Var) (c) Michel Puech<\/em><\/figcaption><\/figure>\n<p><em>Au sortir de l&rsquo;\u00e9cole de journalisme, pour<strong>\u00a0J&rsquo;accuse &#8211; La Cause du Peuple<\/strong>, je suis devenu photo reporter d&rsquo;actualit\u00e9 dans les collectifs de l&rsquo;\u00e9poque : le\u00a0\u00a0<strong>Boojum consort<\/strong>, puis \u00e0\u00a0<strong>Fotolib<\/strong>, la premi\u00e8re agence de photojournalisme associ\u00e9e au quotidien\u00a0<strong>Lib\u00e9ration.<\/strong>\u00a0Quelques collaborations avec les agences<strong>\u00a0Huper,\u00a0Gamma,\u00a0Sipa&#8230;<\/strong><\/em><\/p>\n<p><em>Apr\u00e8s \u00ab\u00a0la r\u00e9volution des oeillets\u00a0\u00bb au Portugal &#8211; alors que je n&rsquo;avais pas encore compris l&rsquo;\u00e9troitesse de mon champs visuel &#8211; j&rsquo;ai dout\u00e9 de mes capacit\u00e9s \u00e0 poursuivre dans la voie du reportage photographique. Je suis devenu \u00ab\u00a0chef des infos\u00a0\u00bb, \u00ab\u00a0picture editor\u00a0\u00bb, d&rsquo;abord \u00e0<strong>\u00a0Fotolib<\/strong> puis bri\u00e8vement \u00e0\u00a0<strong>Sygma<\/strong>, au cot\u00e9 de Xavier P\u00e9riss\u00e9, puis \u00e0\u00a0<strong>La Compagnie des Reporters<\/strong>\u00a0\u00bb enfin \u00e0\u00a0<strong>Viva &#8211; Agence de la Compagnie des reporters<\/strong>\u00a0et<strong>\u00a0Rush-Viva<\/strong>.<\/em><\/p>\n<p><em>En 1986, j&rsquo;ai quitt\u00e9 le monde des agences photos, apr\u00e8s avoir cr\u00e9\u00e9, avec Danielle Guardiola, le premier micro-serveur \u00e0 destination des photographes et des utilisateurs d&rsquo;images, pour me consacrer \u00e0 \u00ab\u00a0la ligne\u00a0\u00bb, celle du\u00a0<strong>Minitel,<\/strong>\u00a0puis de l&rsquo;Internet. Mais il m&rsquo;a fallu attendre plus de quinze ans pour voir l&rsquo;image triompher avec la r\u00e9volution num\u00e9rique.<\/em><\/p>\n<p><em>Tout au long des ann\u00e9es, j&rsquo;ai toutefois toujours continu\u00e9 comme aujourd&rsquo;hui \u00e0 photographier ce que croise mon regard \u00ab\u00a0en canon de fusil\u00a0\u00bb.<\/em><\/p>\n<p><em>Mais surtout, je regarde le plus que je peux les photographies que d&rsquo;autres font.<\/em><\/p>\n<p><em>J&rsquo;ai eu pour cela la chance de travailler avec Mark Grosset dans les ann\u00e9es 80, puis en 2001, quand il m&rsquo;a confi\u00e9 une mission pour l&rsquo;<strong>agence Rapho<\/strong>. L&rsquo;ann\u00e9e suivante il cr\u00e9ait la\u00a0<strong>Mark Grosset Photographies<\/strong>\u00a0pour faire d\u00e9couvrir des auteurs russes. Il me confia alors l&rsquo;\u00e9dition du site de sa soci\u00e9t\u00e9, soufflant ainsi sur les braises de ma passion pour la photographie.<\/em><\/p>\n<p><em>Aujourd&rsquo;hui, mes amis photographes sont l\u00e0 pour me proposer leurs visions du monde et la confronter \u00e0 mon regard particulier. Je rapporte mes impressions sur www.loeildelinfo.fr.<\/em><\/p>\n<p><em>\u00a0<\/em><\/p>\n","protected":false},"excerpt":{"rendered":"<p>&lt;&lt; Je fais des photos et consulte des magazines illustr\u00e9s depuis mon enfance, \u00e0 la grosse pipe, le bureau de tabac, marchand de journaux, achet\u00e9 \u00e0 la moiti\u00e9 des ann\u00e9es 50, \u00e0 Me L\u00e9pine, par mes parents. Une enfance de \u00ab\u00a0baby-boomer\u00a0\u00bb berc\u00e9e par les sons de la guerre d&rsquo;Alg\u00e9rie diffus\u00e9s par Europe 1. C&rsquo;est de\u00a0Paris-Match\u00a0et [&hellip;]<\/p>\n","protected":false},"author":2,"featured_media":0,"parent":0,"menu_order":2,"comment_status":"closed","ping_status":"closed","template":"template-full-width.php","meta":{"footnotes":""},"class_list":["post-16","page","type-page","status-publish","hentry"],"_links":{"self":[{"href":"http:\/\/puech.info\/michel\/blog\/wp-json\/wp\/v2\/pages\/16","targetHints":{"allow":["GET"]}}],"collection":[{"href":"http:\/\/puech.info\/michel\/blog\/wp-json\/wp\/v2\/pages"}],"about":[{"href":"http:\/\/puech.info\/michel\/blog\/wp-json\/wp\/v2\/types\/page"}],"author":[{"embeddable":true,"href":"http:\/\/puech.info\/michel\/blog\/wp-json\/wp\/v2\/users\/2"}],"replies":[{"embeddable":true,"href":"http:\/\/puech.info\/michel\/blog\/wp-json\/wp\/v2\/comments?post=16"}],"version-history":[{"count":33,"href":"http:\/\/puech.info\/michel\/blog\/wp-json\/wp\/v2\/pages\/16\/revisions"}],"predecessor-version":[{"id":802,"href":"http:\/\/puech.info\/michel\/blog\/wp-json\/wp\/v2\/pages\/16\/revisions\/802"}],"wp:attachment":[{"href":"http:\/\/puech.info\/michel\/blog\/wp-json\/wp\/v2\/media?parent=16"}],"curies":[{"name":"wp","href":"https:\/\/api.w.org\/{rel}","templated":true}]}}