{"id":2,"date":"2013-01-02T18:03:07","date_gmt":"2013-01-02T17:03:07","guid":{"rendered":"http:\/\/puech.info\/michel\/blog\/\/?page_id=2"},"modified":"2024-03-31T18:50:39","modified_gmt":"2024-03-31T16:50:39","slug":"qui","status":"publish","type":"page","link":"http:\/\/puech.info\/michel\/blog\/qui\/","title":{"rendered":"Le Journalisme"},"content":{"rendered":"<p>En 1970, apr\u00e8s deux ans d&rsquo;\u00e9tudes de journalisme \u00e0 l\u2019<strong><em>Institut Universitaire de Technologie de Bordeaux (Directeur: Pierre Christin)<\/em><\/strong>, je\u00a0d\u00e9bute a l\u2019historique quotidien <a href=\"http:\/\/puech.info\/michel\/blog\/qui\/combat\/\" target=\"_blank\" rel=\"noopener noreferrer\"><em><strong>Combat<\/strong><\/em>\u00a0(<\/a>r\u00e9dacteur-en-chef : Philippe Tesson).<\/p>\n<p>Dans les ann\u00e9es de l\u2019apr\u00e8s \u00ab<strong>\u00a0mai 68<\/strong>\u00a0\u00bb et jusqu\u2019en 1975, je suis reporter photographe de news \u00a0pour la presse d\u2019extr\u00eame gauche (<em>J&rsquo;accuse<\/em>, <em>La Cause du Peuple<\/em>, <em>Rouge<\/em>, <em>Lutte Ouvri\u00e8re<\/em>, <em>R\u00e9volution<\/em>, <em>T\u00e9moignage Chr\u00e9tien<\/em>, <em>L&rsquo;Unit\u00e9<\/em> etc.) dans le collectif <a href=\"http:\/\/puech.info\/michel\/blog\/qui\/boojum-consort\/\" target=\"_blank\" rel=\"noopener noreferrer\"><em><strong>Boojum Consort<\/strong><\/em><\/a>.<\/p>\n<p>En 1973, le<em> Boojum Consort<\/em>, le service photo de l&rsquo;<em>Agence de Presse Lib\u00e9ration<\/em> et l&rsquo;ambryon de service photo de <em>Lib\u00e9ration<\/em> fusionnent et cr\u00e9ent l\u2019agence de presse<em><strong> Fotolib<\/strong><\/em>, la premi\u00e8re agence de photo du quotidien <em><strong>Lib\u00e9ration<\/strong><\/em>. J&rsquo;y exerce les fonction de \u00ab\u00a0chef des infos\u00a0\u00bb et de directeur g\u00e9n\u00e9ral avec le photographe G\u00e9rard-Aim\u00e9, qui en est le PDG de cette coop\u00e9rative. Apr\u00e8s mon d\u00e9part de <em>Fotolib<\/em>, je collabore occasionnellement aux agences de presse Hupper, Gamma et Sipa press.<\/p>\n<p>C&rsquo;est l&rsquo;agonie du gauchisme post 68, je quitte quelques ann\u00e9es le monde de la photographie, pour des postes de r\u00e9dacteur-reporter (Lib\u00e9ration, Le Courrier Picard) et des r\u00e9dactions en chef (<em>La Vie Nouvelle<\/em>, <em>Enjeu<\/em>) auxquels s&rsquo;ajoute des correspondances et des reportages (<strong><em>La Croix, Le Monde, VSD<\/em><\/strong>).<\/p>\n<p>En 1980, avec Xavier P\u00e9riss\u00e9 et Philippe Charliat \u00a0nous cr\u00e9ons l\u2019agence texte et photo <em><strong>La Compagnie des Reporters<\/strong>\u00a0<\/em>, puis l&rsquo;<em>Agence de la Compagnie des Reporters (ACR)<\/em> avec laquelle nous reprenons l&rsquo;\u00e9quipe, le nom et les archives de l&rsquo;agence <em><strong>Viva<\/strong><\/em>\u00a0avant d\u2019en d\u00e9poser le bilan en 1985. Les fonds seront repris par l&rsquo;agence <em>NS Rush.<\/em><\/p>\n<p>Passionn\u00e9 de nouvelles technologies, d\u00e8s 1984, avec Danielle Guardiola, nous cr\u00e9ons le premier serveur fran\u00e7ais pour mettre en relation, via Minitel, les services photo des magazines et les photographes.<\/p>\n<p>De 1986 \u00e0 2000, je travaille dans les secteurs de Nouvelles Technologies de l\u2019Information d\u2019abord comme journaliste (<em><strong>Minitel magazine,\u00a0T\u00e9l\u00e9matique Magazine, Le Monde Interactif<\/strong><\/em>, etc.) puis prend la responsabilit\u00e9 de l\u2019enseignement du journalisme en ligne au <strong><em>Centre de Formation et de Perfectionnement des Journalistes (CFPJ)<\/em><\/strong> puis \u00e0 l<strong><em>\u2019Institut Pratique de Journalisme (IPJ)<\/em><\/strong> en qualit\u00e9 de journaliste-enseignant et de consultant (R\u00e9gion R\u00e9union, CPAM, Gendarmerie Nationale).\u00a0 Licenci\u00e9 du CFPJ en 1994 pendant ma reconnaissance de handicap visuel, je fais une travers\u00e9e du d\u00e9sert professionnel.<\/p>\n<p>Une mission au <b>Centre de Recherche &amp; D\u00e9veloppement de France Telecom (CNET)<\/b>\u00a0 \u00e0 la communication interne me permet de d\u00e9velopper le quotidien intranet <strong><em>Comet<\/em><\/strong>, quotidien destin\u00e9 aux chercheurs.<\/p>\n<p>En 2001, je revient au photojournalisme \u00e0 l\u2019agence<strong>\u00a0<em>Rapho<\/em><\/strong>\u00a0( alors propri\u00e9t\u00e9 d&rsquo;<em>Hachette Filipacchi M\u00e9dias<\/em>) avec la mission de mettre sur pied une cha\u00eene de num\u00e9risation de ce fonds prestigieux. Je\u00a0quitte <em>Rapho<\/em> en m\u00eame temps que mon ami, et directeur de l\u2019agence, Mark Grosset pour travailler \u00e0 la <em><strong>Mark Grosset Photographies<\/strong><\/em>, une soci\u00e9t\u00e9 d\u00e9di\u00e9e \u00e0 la valorisation de fonds photographiques russes en particulier de l\u2019\u00e9poque sovi\u00e9tique.<\/p>\n<p>Depuis le d\u00e9c\u00e8s de Mark Grosset, et la d\u00e9livrance d&rsquo;une carte de presse en qualit\u00e9 de journaliste honoraire, je me consacre \u00e0 l\u2019\u00e9tude de l\u2019histoire des agences de presse photographiques du XX\u00e8me si\u00e8cle, travail que je poursuis.<\/p>\n<p>En 2008, avec la cr\u00e9ation de \u00a0<a href=\"http:\/\/www.mediapart.fr\" target=\"_blank\" rel=\"noopener noreferrer\"><em>Mediapart<\/em>\u00a0<\/a>, j&rsquo;ouvre le blog <strong>\u00a0<em>A l\u2019\u0153il <\/em><\/strong>pour centraliser mes \u00e9crits sur le journalisme et la photographie.<\/p>\n<p>En 2014, je d\u00e9bute dans le son gr\u00e2ce \u00e0 Jean-Louis Vinet avec \u00a0<em><strong>WGR, la radios des grands-reporters et des \u00e9crivains voyageurs<\/strong><\/em> pour laquelle j&rsquo;enregistre des entretiens disponible en podcast.<\/p>\n<p>En 2023, avec Gilles Courtinat, Alain Mingam et Jean-Louis Vinet, nous cr\u00e9ons l&rsquo;Association Journalisme &amp; Photographie pour g\u00e9rer le site www.loeildelinfo.fr qui reprend les archives du blog A l&rsquo;oeil.<\/p>\n<p>Et l&rsquo;aventure se poursuit. &gt;&gt;<\/p>\n<p>&nbsp;<\/p>\n<p><em>Michel Puech est n\u00e9 le 2 mars 1948 \u00e0 St Mand\u00e9 (France),<\/em><em>il est journaliste honoraire (carte de presse fran\u00e7aise n\u00b029349)<\/em><\/p>\n<p><em> Adresse postale : 160, chemin de Mouri\u00e8s, Le Brusc, 83140 Six-Fours-les-plages<\/em><br \/>\n<em> T\u00e9l\u00e9phone : 33 (0) 6 75 66 3000<\/em><\/p>\n<p><strong><em>Publications\u00a0<\/em><\/strong><\/p>\n<ul>\n<li>Co-auteur de 40 ans de photojournalisme &#8211; Edition chinoise de G\u00e9n\u00e9ration Sygma (2017)<\/li>\n<li>Co-auteur de <em>G\u00e9n\u00e9ration Agences<\/em> &#8211; Editions La Martini\u00e8re (sept 2014)<\/li>\n<li><em>Co-auteur de <a href=\"http:\/\/www.amazon.fr\/livres\/dp\/2732459739\">G\u00e9n\u00e9ration Sygma: 40 ans de photojournalisme<\/a> &#8211; Editions La Martini\u00e8re &#8211; sept. 2013<\/em><\/li>\n<li><em>Co-auteur du Manuel du Photojournalisme \u2013 Editions du CFPJ &#8211; 1990<\/em><\/li>\n<\/ul>\n<h2><\/h2>\n<h2 style=\"text-align: center;\"><a href=\"http:\/\/www.a-l-oeil.info\/blog\/\" target=\"_blank\" rel=\"noopener noreferrer\">Lire le blog \u00ab\u00a0A l&rsquo;oeil\u00a0\u00bb<\/a><\/h2>\n<h3><\/h3>\n","protected":false},"excerpt":{"rendered":"<p>En 1970, apr\u00e8s deux ans d&rsquo;\u00e9tudes de journalisme \u00e0 l\u2019Institut Universitaire de Technologie de Bordeaux (Directeur: Pierre Christin), je\u00a0d\u00e9bute a l\u2019historique quotidien Combat\u00a0(r\u00e9dacteur-en-chef : Philippe Tesson). Dans les ann\u00e9es de l\u2019apr\u00e8s \u00ab\u00a0mai 68\u00a0\u00bb et jusqu\u2019en 1975, je suis reporter photographe de news \u00a0pour la presse d\u2019extr\u00eame gauche (J&rsquo;accuse, La Cause du Peuple, Rouge, Lutte Ouvri\u00e8re, [&hellip;]<\/p>\n","protected":false},"author":2,"featured_media":0,"parent":0,"menu_order":0,"comment_status":"closed","ping_status":"closed","template":"template-full-width.php","meta":{"footnotes":""},"class_list":["post-2","page","type-page","status-publish","hentry"],"_links":{"self":[{"href":"http:\/\/puech.info\/michel\/blog\/wp-json\/wp\/v2\/pages\/2","targetHints":{"allow":["GET"]}}],"collection":[{"href":"http:\/\/puech.info\/michel\/blog\/wp-json\/wp\/v2\/pages"}],"about":[{"href":"http:\/\/puech.info\/michel\/blog\/wp-json\/wp\/v2\/types\/page"}],"author":[{"embeddable":true,"href":"http:\/\/puech.info\/michel\/blog\/wp-json\/wp\/v2\/users\/2"}],"replies":[{"embeddable":true,"href":"http:\/\/puech.info\/michel\/blog\/wp-json\/wp\/v2\/comments?post=2"}],"version-history":[{"count":53,"href":"http:\/\/puech.info\/michel\/blog\/wp-json\/wp\/v2\/pages\/2\/revisions"}],"predecessor-version":[{"id":800,"href":"http:\/\/puech.info\/michel\/blog\/wp-json\/wp\/v2\/pages\/2\/revisions\/800"}],"wp:attachment":[{"href":"http:\/\/puech.info\/michel\/blog\/wp-json\/wp\/v2\/media?parent=2"}],"curies":[{"name":"wp","href":"https:\/\/api.w.org\/{rel}","templated":true}]}}